{"id":84898,"date":"2026-07-02T09:19:32","date_gmt":"2026-07-02T07:19:32","guid":{"rendered":"https:\/\/mobilane.com\/?post_type=product&#038;p=84898"},"modified":"2026-08-18T16:07:39","modified_gmt":"2026-08-18T14:07:39","slug":"mobiclimb","status":"publish","type":"product","link":"https:\/\/mobilane.com\/be-fr\/produits\/mobiclimb\/","title":{"rendered":"MobiClimb"},"content":{"rendered":"","protected":false},"excerpt":{"rendered":"","protected":false},"author":14,"featured_media":95188,"parent":0,"menu_order":0,"comment_status":"closed","ping_status":"closed","template":"","meta":{"_acf_changed":false,"content-type":"","footnotes":""},"class_list":["post-84898","product","type-product","status-publish","has-post-thumbnail","hentry","product_label-outdoor-be-fr","target_audience-consommateur","target_audience-entreprise","target_audience-hovenier-be-fr"],"acf":{"is_category_page":false,"information":"<strong>Les fa\u00e7ades v\u00e9g\u00e9tales en pleine terre avec support grimpant offrent une solution simple et durable pour v\u00e9g\u00e9taliser les fa\u00e7ades.<\/strong>\r\nLes plantes grimpantes poussent directement depuis le sol et sont soutenues par une structure de support robuste install\u00e9e ind\u00e9pendamment de la fa\u00e7ade, ce qui \u00e9vite tout risque d\u2019endommagement de la fa\u00e7ade existante.","right_information":"<img class=\"alignnone wp-image-50071\" src=\"http:\/\/mobilane.com\/app\/uploads\/2018\/05\/Verschillende-hoogtes-en-soorten-icon.png\" alt=\"\" width=\"54\" height=\"54\" \/>\r\n<strong>Jusqu\u2019\u00e0 trois m\u00e8tres enti\u00e8rement v\u00e9g\u00e9talis\u00e9s d\u00e8s l\u2019installation\r\n<\/strong>Jusqu\u2019\u00e0 trois m\u00e8tres de fa\u00e7ade verte imm\u00e9diatement, sans devoir attendre plusieurs ann\u00e9es pour une couverture compl\u00e8te.\r\n\r\n<img class=\"alignnone wp-image-50029\" src=\"http:\/\/mobilane.com\/app\/uploads\/2018\/05\/Kwaliteit-icon.png\" alt=\"\" width=\"50\" height=\"50\" \/>\r\n<strong>Qualit\u00e9<\/strong>\r\nMat\u00e9riaux de haute qualit\u00e9 garantissant une longue dur\u00e9e de vie et une fa\u00e7ade v\u00e9g\u00e9tale saine.\r\n\r\n<img class=\"alignnone wp-image-50101\" src=\"http:\/\/mobilane.com\/app\/uploads\/2018\/05\/Duurzaam-icon.png\" alt=\"\" width=\"50\" height=\"50\" \/>\r\n<strong>Durable<\/strong>\r\nLa fa\u00e7ade v\u00e9g\u00e9tale en pleine terre est cultiv\u00e9e de mani\u00e8re durable sous la certification On the Way to PlanetProof.","download":79459,"product_bradcrumb":null,"cps_term_link":""},"yoast_head":"<!-- This site is optimized with the Yoast SEO plugin v28.3 - https:\/\/yoast.com\/product\/yoast-seo-wordpress\/ -->\n<title>Fa\u00e7ade v\u00e9g\u00e9tale en pleine terre \u2013 verte d\u00e8s l\u2019installation<\/title>\n<meta name=\"description\" content=\"Mobilane MobiClimb est une fa\u00e7ade v\u00e9g\u00e9tale en pleine terre qui est enti\u00e8rement verte jusqu\u2019\u00e0 trois m\u00e8tres de hauteur d\u00e8s le premier jour.\" \/>\n<meta name=\"robots\" content=\"index, follow, max-snippet:-1, max-image-preview:large, max-video-preview:-1\" \/>\n<link rel=\"canonical\" href=\"https:\/\/mobilane.com\/be-fr\/produits\/mobiclimb\/\" \/>\n<meta property=\"og:locale\" content=\"fr_FR\" \/>\n<meta property=\"og:type\" content=\"article\" \/>\n<meta property=\"og:title\" content=\"Fa\u00e7ade v\u00e9g\u00e9tale en pleine terre \u2013 verte d\u00e8s l\u2019installation\" \/>\n<meta property=\"og:description\" content=\"Mobilane MobiClimb est une fa\u00e7ade v\u00e9g\u00e9tale en pleine terre qui est enti\u00e8rement verte jusqu\u2019\u00e0 trois m\u00e8tres de hauteur d\u00e8s le premier jour.\" \/>\n<meta property=\"og:url\" content=\"https:\/\/mobilane.com\/be-fr\/produits\/mobiclimb\/\" \/>\n<meta property=\"og:site_name\" content=\"Mobilane\" \/>\n<meta property=\"article:modified_time\" content=\"2026-08-18T14:07:39+00:00\" \/>\n<meta property=\"og:image\" content=\"https:\/\/mobilane.com\/app\/uploads\/2026\/07\/mobiclimb-facade-verte-immediate-installation-annuelle-entretien-reduit.jpg\" \/>\n\t<meta property=\"og:image:width\" content=\"2000\" \/>\n\t<meta property=\"og:image:height\" content=\"600\" \/>\n\t<meta property=\"og:image:type\" content=\"image\/jpeg\" \/>\n<meta name=\"twitter:card\" content=\"summary_large_image\" \/>\n<meta name=\"twitter:label1\" content=\"Dur\u00e9e de lecture est.\" \/>\n\t<meta name=\"twitter:data1\" content=\"1 minute\" \/>\n<script type=\"application\/ld+json\" class=\"yoast-schema-graph\">{\"@context\":\"https:\\\/\\\/schema.org\",\"@graph\":[{\"@type\":\"WebPage\",\"@id\":\"https:\\\/\\\/mobilane.com\\\/be-fr\\\/produits\\\/mobiclimb\\\/\",\"url\":\"https:\\\/\\\/mobilane.com\\\/be-fr\\\/produits\\\/mobiclimb\\\/\",\"name\":\"Fa\u00e7ade v\u00e9g\u00e9tale en pleine terre \u2013 verte d\u00e8s l\u2019installation\",\"isPartOf\":{\"@id\":\"https:\\\/\\\/mobilane.com\\\/#website\"},\"primaryImageOfPage\":{\"@id\":\"https:\\\/\\\/mobilane.com\\\/be-fr\\\/produits\\\/mobiclimb\\\/#primaryimage\"},\"image\":{\"@id\":\"https:\\\/\\\/mobilane.com\\\/be-fr\\\/produits\\\/mobiclimb\\\/#primaryimage\"},\"thumbnailUrl\":\"https:\\\/\\\/mobilane.com\\\/app\\\/uploads\\\/2026\\\/07\\\/mobiclimb-facade-verte-immediate-installation-annuelle-entretien-reduit.jpg\",\"datePublished\":\"2026-07-02T07:19:32+00:00\",\"dateModified\":\"2026-08-18T14:07:39+00:00\",\"description\":\"Mobilane MobiClimb est une fa\u00e7ade v\u00e9g\u00e9tale en pleine terre qui est enti\u00e8rement verte jusqu\u2019\u00e0 trois m\u00e8tres de hauteur d\u00e8s le premier jour.\",\"breadcrumb\":{\"@id\":\"https:\\\/\\\/mobilane.com\\\/be-fr\\\/produits\\\/mobiclimb\\\/#breadcrumb\"},\"inLanguage\":\"fr-BE\",\"potentialAction\":[{\"@type\":\"ReadAction\",\"target\":[\"https:\\\/\\\/mobilane.com\\\/be-fr\\\/produits\\\/mobiclimb\\\/\"]}]},{\"@type\":\"ImageObject\",\"inLanguage\":\"fr-BE\",\"@id\":\"https:\\\/\\\/mobilane.com\\\/be-fr\\\/produits\\\/mobiclimb\\\/#primaryimage\",\"url\":\"https:\\\/\\\/mobilane.com\\\/app\\\/uploads\\\/2026\\\/07\\\/mobiclimb-facade-verte-immediate-installation-annuelle-entretien-reduit.jpg\",\"contentUrl\":\"https:\\\/\\\/mobilane.com\\\/app\\\/uploads\\\/2026\\\/07\\\/mobiclimb-facade-verte-immediate-installation-annuelle-entretien-reduit.jpg\",\"width\":2000,\"height\":600,\"caption\":\"MobiClimb est le seul syst\u00e8me de v\u00e9g\u00e9talisation de fa\u00e7ade qui offre une fa\u00e7ade verte enti\u00e8rement d\u00e9velopp\u00e9e d\u00e8s l'installation, gr\u00e2ce \u00e0 des plantes grimpantes pr\u00e9-cultiv\u00e9es aux racines solides \u2014 installable toute l'ann\u00e9e et avec un entretien minimal.\"},{\"@type\":\"BreadcrumbList\",\"@id\":\"https:\\\/\\\/mobilane.com\\\/be-fr\\\/produits\\\/mobiclimb\\\/#breadcrumb\",\"itemListElement\":[{\"@type\":\"ListItem\",\"position\":1,\"name\":\"Home\",\"item\":\"https:\\\/\\\/mobilane.com\\\/be-fr\\\/\"},{\"@type\":\"ListItem\",\"position\":2,\"name\":\"Producten\",\"item\":\"https:\\\/\\\/mobilane.com\\\/nl\\\/producten\\\/\"},{\"@type\":\"ListItem\",\"position\":3,\"name\":\"MobiClimb\"}]},{\"@type\":\"WebSite\",\"@id\":\"https:\\\/\\\/mobilane.com\\\/#website\",\"url\":\"https:\\\/\\\/mobilane.com\\\/\",\"name\":\"Mobilane\",\"description\":\"Ready Made Green Systems\",\"publisher\":{\"@id\":\"https:\\\/\\\/mobilane.com\\\/#organization\"},\"potentialAction\":[{\"@type\":\"SearchAction\",\"target\":{\"@type\":\"EntryPoint\",\"urlTemplate\":\"https:\\\/\\\/mobilane.com\\\/?s={search_term_string}\"},\"query-input\":{\"@type\":\"PropertyValueSpecification\",\"valueRequired\":true,\"valueName\":\"search_term_string\"}}],\"inLanguage\":\"fr-BE\"},{\"@type\":\"Organization\",\"@id\":\"https:\\\/\\\/mobilane.com\\\/#organization\",\"name\":\"Mobilane\",\"url\":\"https:\\\/\\\/mobilane.com\\\/\",\"logo\":{\"@type\":\"ImageObject\",\"inLanguage\":\"fr-BE\",\"@id\":\"https:\\\/\\\/mobilane.com\\\/#\\\/schema\\\/logo\\\/image\\\/\",\"url\":\"https:\\\/\\\/mobilane.com\\\/app\\\/uploads\\\/2019\\\/10\\\/logo-colour2x.png\",\"contentUrl\":\"https:\\\/\\\/mobilane.com\\\/app\\\/uploads\\\/2019\\\/10\\\/logo-colour2x.png\",\"width\":1472,\"height\":295,\"caption\":\"Mobilane\"},\"image\":{\"@id\":\"https:\\\/\\\/mobilane.com\\\/#\\\/schema\\\/logo\\\/image\\\/\"}}]}<\/script>\n<!-- \/ Yoast SEO plugin. -->","yoast_head_json":{"title":"Fa\u00e7ade v\u00e9g\u00e9tale en pleine terre \u2013 verte d\u00e8s l\u2019installation","description":"Mobilane MobiClimb est une fa\u00e7ade v\u00e9g\u00e9tale en pleine terre qui est enti\u00e8rement verte jusqu\u2019\u00e0 trois m\u00e8tres de hauteur d\u00e8s le premier jour.","robots":{"index":"index","follow":"follow","max-snippet":"max-snippet:-1","max-image-preview":"max-image-preview:large","max-video-preview":"max-video-preview:-1"},"canonical":"https:\/\/mobilane.com\/be-fr\/produits\/mobiclimb\/","og_locale":"fr_FR","og_type":"article","og_title":"Fa\u00e7ade v\u00e9g\u00e9tale en pleine terre \u2013 verte d\u00e8s l\u2019installation","og_description":"Mobilane MobiClimb est une fa\u00e7ade v\u00e9g\u00e9tale en pleine terre qui est enti\u00e8rement verte jusqu\u2019\u00e0 trois m\u00e8tres de hauteur d\u00e8s le premier jour.","og_url":"https:\/\/mobilane.com\/be-fr\/produits\/mobiclimb\/","og_site_name":"Mobilane","article_modified_time":"2026-08-18T14:07:39+00:00","og_image":[{"width":2000,"height":600,"url":"https:\/\/mobilane.com\/app\/uploads\/2026\/07\/mobiclimb-facade-verte-immediate-installation-annuelle-entretien-reduit.jpg","type":"image\/jpeg"}],"twitter_card":"summary_large_image","twitter_misc":{"Dur\u00e9e de lecture est.":"1 minute"},"schema":{"@context":"https:\/\/schema.org","@graph":[{"@type":"WebPage","@id":"https:\/\/mobilane.com\/be-fr\/produits\/mobiclimb\/","url":"https:\/\/mobilane.com\/be-fr\/produits\/mobiclimb\/","name":"Fa\u00e7ade v\u00e9g\u00e9tale en pleine terre \u2013 verte d\u00e8s l\u2019installation","isPartOf":{"@id":"https:\/\/mobilane.com\/#website"},"primaryImageOfPage":{"@id":"https:\/\/mobilane.com\/be-fr\/produits\/mobiclimb\/#primaryimage"},"image":{"@id":"https:\/\/mobilane.com\/be-fr\/produits\/mobiclimb\/#primaryimage"},"thumbnailUrl":"https:\/\/mobilane.com\/app\/uploads\/2026\/07\/mobiclimb-facade-verte-immediate-installation-annuelle-entretien-reduit.jpg","datePublished":"2026-07-02T07:19:32+00:00","dateModified":"2026-08-18T14:07:39+00:00","description":"Mobilane MobiClimb est une fa\u00e7ade v\u00e9g\u00e9tale en pleine terre qui est enti\u00e8rement verte jusqu\u2019\u00e0 trois m\u00e8tres de hauteur d\u00e8s le premier jour.","breadcrumb":{"@id":"https:\/\/mobilane.com\/be-fr\/produits\/mobiclimb\/#breadcrumb"},"inLanguage":"fr-BE","potentialAction":[{"@type":"ReadAction","target":["https:\/\/mobilane.com\/be-fr\/produits\/mobiclimb\/"]}]},{"@type":"ImageObject","inLanguage":"fr-BE","@id":"https:\/\/mobilane.com\/be-fr\/produits\/mobiclimb\/#primaryimage","url":"https:\/\/mobilane.com\/app\/uploads\/2026\/07\/mobiclimb-facade-verte-immediate-installation-annuelle-entretien-reduit.jpg","contentUrl":"https:\/\/mobilane.com\/app\/uploads\/2026\/07\/mobiclimb-facade-verte-immediate-installation-annuelle-entretien-reduit.jpg","width":2000,"height":600,"caption":"MobiClimb est le seul syst\u00e8me de v\u00e9g\u00e9talisation de fa\u00e7ade qui offre une fa\u00e7ade verte enti\u00e8rement d\u00e9velopp\u00e9e d\u00e8s l'installation, gr\u00e2ce \u00e0 des plantes grimpantes pr\u00e9-cultiv\u00e9es aux racines solides \u2014 installable toute l'ann\u00e9e et avec un entretien minimal."},{"@type":"BreadcrumbList","@id":"https:\/\/mobilane.com\/be-fr\/produits\/mobiclimb\/#breadcrumb","itemListElement":[{"@type":"ListItem","position":1,"name":"Home","item":"https:\/\/mobilane.com\/be-fr\/"},{"@type":"ListItem","position":2,"name":"Producten","item":"https:\/\/mobilane.com\/nl\/producten\/"},{"@type":"ListItem","position":3,"name":"MobiClimb"}]},{"@type":"WebSite","@id":"https:\/\/mobilane.com\/#website","url":"https:\/\/mobilane.com\/","name":"Mobilane","description":"Ready Made Green Systems","publisher":{"@id":"https:\/\/mobilane.com\/#organization"},"potentialAction":[{"@type":"SearchAction","target":{"@type":"EntryPoint","urlTemplate":"https:\/\/mobilane.com\/?s={search_term_string}"},"query-input":{"@type":"PropertyValueSpecification","valueRequired":true,"valueName":"search_term_string"}}],"inLanguage":"fr-BE"},{"@type":"Organization","@id":"https:\/\/mobilane.com\/#organization","name":"Mobilane","url":"https:\/\/mobilane.com\/","logo":{"@type":"ImageObject","inLanguage":"fr-BE","@id":"https:\/\/mobilane.com\/#\/schema\/logo\/image\/","url":"https:\/\/mobilane.com\/app\/uploads\/2019\/10\/logo-colour2x.png","contentUrl":"https:\/\/mobilane.com\/app\/uploads\/2019\/10\/logo-colour2x.png","width":1472,"height":295,"caption":"Mobilane"},"image":{"@id":"https:\/\/mobilane.com\/#\/schema\/logo\/image\/"}}]}},"_links":{"self":[{"href":"https:\/\/mobilane.com\/be-fr\/wp-json\/wp\/v2\/product\/84898","targetHints":{"allow":["GET"]}}],"collection":[{"href":"https:\/\/mobilane.com\/be-fr\/wp-json\/wp\/v2\/product"}],"about":[{"href":"https:\/\/mobilane.com\/be-fr\/wp-json\/wp\/v2\/types\/product"}],"author":[{"embeddable":true,"href":"https:\/\/mobilane.com\/be-fr\/wp-json\/wp\/v2\/users\/14"}],"replies":[{"embeddable":true,"href":"https:\/\/mobilane.com\/be-fr\/wp-json\/wp\/v2\/comments?post=84898"}],"version-history":[{"count":1,"href":"https:\/\/mobilane.com\/be-fr\/wp-json\/wp\/v2\/product\/84898\/revisions"}],"predecessor-version":[{"id":84907,"href":"https:\/\/mobilane.com\/be-fr\/wp-json\/wp\/v2\/product\/84898\/revisions\/84907"}],"wp:featuredmedia":[{"embeddable":true,"href":"https:\/\/mobilane.com\/be-fr\/wp-json\/wp\/v2\/media\/95188"}],"wp:attachment":[{"href":"https:\/\/mobilane.com\/be-fr\/wp-json\/wp\/v2\/media?parent=84898"}],"curies":[{"name":"wp","href":"https:\/\/api.w.org\/{rel}","templated":true}]}}