{"id":2926,"date":"2018-06-11T16:11:03","date_gmt":"2018-06-11T14:11:03","guid":{"rendered":"http:\/\/commob-mangilgok.savviihq.com\/?page_id=2926"},"modified":"2023-10-03T10:11:59","modified_gmt":"2023-10-03T08:11:59","slug":"a-propos-de-nous-2","status":"publish","type":"page","link":"https:\/\/mobilane.com\/be-fr\/a-propos-de-nous-2\/","title":{"rendered":"\u00c0 propos de nous"},"content":{"rendered":"<p>Mobilane con\u00e7oit et fournit des syst\u00e8mes v\u00e9g\u00e9talis\u00e9s comme des haies pr\u00eates \u00e0 l\u2019emploi, des toitures v\u00e9g\u00e9talis\u00e9es, des parois et des fa\u00e7ades v\u00e9g\u00e9talis\u00e9es. Avec des bureaux au Royaume-Uni, en Allemagne, en Belgique et en Afrique du Sud et un vaste r\u00e9seau de revendeurs et d&rsquo;agents, les syst\u00e8mes v\u00e9g\u00e9talis\u00e9s uniques pr\u00eats \u00e0 l&#8217;emploi sont pr\u00e9sents dans le monde entier. De l&rsquo;Am\u00e9rique du Nord \u00e0 l&rsquo;Australie, dans les immeubles de bureaux comme dans les jardins priv\u00e9s, les clients b\u00e9n\u00e9ficient des avantages et du plaisir de la verdure dans leur environnement imm\u00e9diat.<\/p>\n<p>Mobilane fait partie d&rsquo;une entreprise familiale qui donne le ton: &lsquo;<a href=\"http:\/\/www.darthuizergroep.nl\/en\" target=\"_blank\" rel=\"noopener\">Darthuizer Group<\/a>&lsquo; est une valeur s\u00fbre depuis plus de 80 ans dans le domaine de l&rsquo;innovation et de la qualit\u00e9 dans les espaces verts. Fort de ces nombreuses ann\u00e9es d&rsquo;exp\u00e9rience dans le domaine des espaces verts, Mobilane a vu le jour en 2001 en tant que d\u00e9veloppeur durable de syst\u00e8mes verts brevet\u00e9s et innovants.<\/p>\n<h2>Mission<\/h2>\n<p>Avec la mise en \u0153uvre des syst\u00e8mes verts innovants de Mobilane, ayant chacun des avantages et des caract\u00e9ristiques uniques, notre mission est de construire ensemble un environnement de vie meilleur et sain. La valeur ajout\u00e9e du v\u00e9g\u00e9tal poss\u00e8de un impact direct sur l&rsquo;environnement, revalorisant pour le climat, l&rsquo;immobilier, l&rsquo;esth\u00e9tique, la sant\u00e9 et le bien-\u00eatre.<\/p>\n<p><iframe loading=\"lazy\" src=\"\/\/www.youtube.com\/embed\/y2ynSo0M6ZE\" width=\"560\" height=\"314\" allowfullscreen=\"allowfullscreen\"><\/iframe><\/p>\n","protected":false},"excerpt":{"rendered":"<p>Mobilane con\u00e7oit et fournit des syst\u00e8mes v\u00e9g\u00e9talis\u00e9s comme des haies pr\u00eates \u00e0 l\u2019emploi, des toitures v\u00e9g\u00e9talis\u00e9es, des parois et des fa\u00e7ades v\u00e9g\u00e9talis\u00e9es. Avec des bureaux au Royaume-Uni, en Allemagne, en Belgique et en Afrique du Sud et un vaste r\u00e9seau de revendeurs et d&rsquo;agents, les syst\u00e8mes v\u00e9g\u00e9talis\u00e9s uniques pr\u00eats \u00e0 l&#8217;emploi sont pr\u00e9sents dans le [&hellip;]<\/p>\n","protected":false},"author":5,"featured_media":61661,"parent":0,"menu_order":0,"comment_status":"closed","ping_status":"closed","template":"ct-page-aboutus.php","meta":{"_acf_changed":false,"footnotes":""},"class_list":["post-2926","page","type-page","status-publish","has-post-thumbnail","hentry"],"acf":[],"yoast_head":"<!-- This site is optimized with the Yoast SEO plugin v27.4 - https:\/\/yoast.com\/product\/yoast-seo-wordpress\/ -->\n<title>\u00c0 propos de nous - Mobilane<\/title>\n<meta name=\"description\" content=\"Mobilane con\u00e7oit et fournit des syst\u00e8mes v\u00e9g\u00e9talis\u00e9s et fait partie d&#039;une entreprise familiale qui donne le ton: Darthuizer Groupe\" \/>\n<meta name=\"robots\" content=\"index, follow, max-snippet:-1, max-image-preview:large, max-video-preview:-1\" \/>\n<link rel=\"canonical\" href=\"https:\/\/mobilane.com\/be-fr\/a-propos-de-nous-2\/\" \/>\n<meta property=\"og:locale\" content=\"fr_FR\" \/>\n<meta property=\"og:type\" content=\"article\" \/>\n<meta property=\"og:title\" content=\"\u00c0 propos de nous - Mobilane\" \/>\n<meta property=\"og:description\" content=\"Mobilane con\u00e7oit et fournit des syst\u00e8mes v\u00e9g\u00e9talis\u00e9s et fait partie d&#039;une entreprise familiale qui donne le ton: Darthuizer Groupe\" \/>\n<meta property=\"og:url\" content=\"https:\/\/mobilane.com\/be-fr\/a-propos-de-nous-2\/\" \/>\n<meta property=\"og:site_name\" content=\"Mobilane\" \/>\n<meta property=\"article:modified_time\" content=\"2023-10-03T08:11:59+00:00\" \/>\n<meta property=\"og:image\" content=\"https:\/\/mobilane.com\/app\/uploads\/2023\/10\/MobilaneBemmelThe-NetherlandsLI.jpg\" \/>\n\t<meta property=\"og:image:width\" content=\"1200\" \/>\n\t<meta property=\"og:image:height\" content=\"628\" \/>\n\t<meta property=\"og:image:type\" content=\"image\/jpeg\" \/>\n<meta name=\"twitter:card\" content=\"summary_large_image\" \/>\n<meta name=\"twitter:label1\" content=\"Dur\u00e9e de lecture est.\" \/>\n\t<meta name=\"twitter:data1\" content=\"2 minutes\" \/>\n<script type=\"application\/ld+json\" class=\"yoast-schema-graph\">{\"@context\":\"https:\\\/\\\/schema.org\",\"@graph\":[{\"@type\":\"WebPage\",\"@id\":\"https:\\\/\\\/mobilane.com\\\/be-fr\\\/a-propos-de-nous-2\\\/\",\"url\":\"https:\\\/\\\/mobilane.com\\\/be-fr\\\/a-propos-de-nous-2\\\/\",\"name\":\"\u00c0 propos de nous - Mobilane\",\"isPartOf\":{\"@id\":\"https:\\\/\\\/mobilane.com\\\/#website\"},\"primaryImageOfPage\":{\"@id\":\"https:\\\/\\\/mobilane.com\\\/be-fr\\\/a-propos-de-nous-2\\\/#primaryimage\"},\"image\":{\"@id\":\"https:\\\/\\\/mobilane.com\\\/be-fr\\\/a-propos-de-nous-2\\\/#primaryimage\"},\"thumbnailUrl\":\"https:\\\/\\\/mobilane.com\\\/app\\\/uploads\\\/2023\\\/10\\\/MobilaneBemmelThe-NetherlandsLI.jpg\",\"datePublished\":\"2018-06-11T14:11:03+00:00\",\"dateModified\":\"2023-10-03T08:11:59+00:00\",\"description\":\"Mobilane con\u00e7oit et fournit des syst\u00e8mes v\u00e9g\u00e9talis\u00e9s et fait partie d'une entreprise familiale qui donne le ton: Darthuizer Groupe\",\"breadcrumb\":{\"@id\":\"https:\\\/\\\/mobilane.com\\\/be-fr\\\/a-propos-de-nous-2\\\/#breadcrumb\"},\"inLanguage\":\"fr-BE\",\"potentialAction\":[{\"@type\":\"ReadAction\",\"target\":[\"https:\\\/\\\/mobilane.com\\\/be-fr\\\/a-propos-de-nous-2\\\/\"]}]},{\"@type\":\"ImageObject\",\"inLanguage\":\"fr-BE\",\"@id\":\"https:\\\/\\\/mobilane.com\\\/be-fr\\\/a-propos-de-nous-2\\\/#primaryimage\",\"url\":\"https:\\\/\\\/mobilane.com\\\/app\\\/uploads\\\/2023\\\/10\\\/MobilaneBemmelThe-NetherlandsLI.jpg\",\"contentUrl\":\"https:\\\/\\\/mobilane.com\\\/app\\\/uploads\\\/2023\\\/10\\\/MobilaneBemmelThe-NetherlandsLI.jpg\",\"width\":1200,\"height\":628},{\"@type\":\"BreadcrumbList\",\"@id\":\"https:\\\/\\\/mobilane.com\\\/be-fr\\\/a-propos-de-nous-2\\\/#breadcrumb\",\"itemListElement\":[{\"@type\":\"ListItem\",\"position\":1,\"name\":\"Home\",\"item\":\"https:\\\/\\\/mobilane.com\\\/be-fr\\\/\"},{\"@type\":\"ListItem\",\"position\":2,\"name\":\"\u00c0 propos de nous\"}]},{\"@type\":\"WebSite\",\"@id\":\"https:\\\/\\\/mobilane.com\\\/#website\",\"url\":\"https:\\\/\\\/mobilane.com\\\/\",\"name\":\"Mobilane\",\"description\":\"Ready Made Green Systems\",\"publisher\":{\"@id\":\"https:\\\/\\\/mobilane.com\\\/#organization\"},\"potentialAction\":[{\"@type\":\"SearchAction\",\"target\":{\"@type\":\"EntryPoint\",\"urlTemplate\":\"https:\\\/\\\/mobilane.com\\\/?s={search_term_string}\"},\"query-input\":{\"@type\":\"PropertyValueSpecification\",\"valueRequired\":true,\"valueName\":\"search_term_string\"}}],\"inLanguage\":\"fr-BE\"},{\"@type\":\"Organization\",\"@id\":\"https:\\\/\\\/mobilane.com\\\/#organization\",\"name\":\"Mobilane\",\"url\":\"https:\\\/\\\/mobilane.com\\\/\",\"logo\":{\"@type\":\"ImageObject\",\"inLanguage\":\"fr-BE\",\"@id\":\"https:\\\/\\\/mobilane.com\\\/#\\\/schema\\\/logo\\\/image\\\/\",\"url\":\"https:\\\/\\\/mobilane.com\\\/app\\\/uploads\\\/2019\\\/10\\\/logo-colour2x.png\",\"contentUrl\":\"https:\\\/\\\/mobilane.com\\\/app\\\/uploads\\\/2019\\\/10\\\/logo-colour2x.png\",\"width\":1472,\"height\":295,\"caption\":\"Mobilane\"},\"image\":{\"@id\":\"https:\\\/\\\/mobilane.com\\\/#\\\/schema\\\/logo\\\/image\\\/\"}}]}<\/script>\n<!-- \/ Yoast SEO plugin. -->","yoast_head_json":{"title":"\u00c0 propos de nous - Mobilane","description":"Mobilane con\u00e7oit et fournit des syst\u00e8mes v\u00e9g\u00e9talis\u00e9s et fait partie d'une entreprise familiale qui donne le ton: Darthuizer Groupe","robots":{"index":"index","follow":"follow","max-snippet":"max-snippet:-1","max-image-preview":"max-image-preview:large","max-video-preview":"max-video-preview:-1"},"canonical":"https:\/\/mobilane.com\/be-fr\/a-propos-de-nous-2\/","og_locale":"fr_FR","og_type":"article","og_title":"\u00c0 propos de nous - Mobilane","og_description":"Mobilane con\u00e7oit et fournit des syst\u00e8mes v\u00e9g\u00e9talis\u00e9s et fait partie d'une entreprise familiale qui donne le ton: Darthuizer Groupe","og_url":"https:\/\/mobilane.com\/be-fr\/a-propos-de-nous-2\/","og_site_name":"Mobilane","article_modified_time":"2023-10-03T08:11:59+00:00","og_image":[{"width":1200,"height":628,"url":"https:\/\/mobilane.com\/app\/uploads\/2023\/10\/MobilaneBemmelThe-NetherlandsLI.jpg","type":"image\/jpeg"}],"twitter_card":"summary_large_image","twitter_misc":{"Dur\u00e9e de lecture est.":"2 minutes"},"schema":{"@context":"https:\/\/schema.org","@graph":[{"@type":"WebPage","@id":"https:\/\/mobilane.com\/be-fr\/a-propos-de-nous-2\/","url":"https:\/\/mobilane.com\/be-fr\/a-propos-de-nous-2\/","name":"\u00c0 propos de nous - Mobilane","isPartOf":{"@id":"https:\/\/mobilane.com\/#website"},"primaryImageOfPage":{"@id":"https:\/\/mobilane.com\/be-fr\/a-propos-de-nous-2\/#primaryimage"},"image":{"@id":"https:\/\/mobilane.com\/be-fr\/a-propos-de-nous-2\/#primaryimage"},"thumbnailUrl":"https:\/\/mobilane.com\/app\/uploads\/2023\/10\/MobilaneBemmelThe-NetherlandsLI.jpg","datePublished":"2018-06-11T14:11:03+00:00","dateModified":"2023-10-03T08:11:59+00:00","description":"Mobilane con\u00e7oit et fournit des syst\u00e8mes v\u00e9g\u00e9talis\u00e9s et fait partie d'une entreprise familiale qui donne le ton: Darthuizer Groupe","breadcrumb":{"@id":"https:\/\/mobilane.com\/be-fr\/a-propos-de-nous-2\/#breadcrumb"},"inLanguage":"fr-BE","potentialAction":[{"@type":"ReadAction","target":["https:\/\/mobilane.com\/be-fr\/a-propos-de-nous-2\/"]}]},{"@type":"ImageObject","inLanguage":"fr-BE","@id":"https:\/\/mobilane.com\/be-fr\/a-propos-de-nous-2\/#primaryimage","url":"https:\/\/mobilane.com\/app\/uploads\/2023\/10\/MobilaneBemmelThe-NetherlandsLI.jpg","contentUrl":"https:\/\/mobilane.com\/app\/uploads\/2023\/10\/MobilaneBemmelThe-NetherlandsLI.jpg","width":1200,"height":628},{"@type":"BreadcrumbList","@id":"https:\/\/mobilane.com\/be-fr\/a-propos-de-nous-2\/#breadcrumb","itemListElement":[{"@type":"ListItem","position":1,"name":"Home","item":"https:\/\/mobilane.com\/be-fr\/"},{"@type":"ListItem","position":2,"name":"\u00c0 propos de nous"}]},{"@type":"WebSite","@id":"https:\/\/mobilane.com\/#website","url":"https:\/\/mobilane.com\/","name":"Mobilane","description":"Ready Made Green Systems","publisher":{"@id":"https:\/\/mobilane.com\/#organization"},"potentialAction":[{"@type":"SearchAction","target":{"@type":"EntryPoint","urlTemplate":"https:\/\/mobilane.com\/?s={search_term_string}"},"query-input":{"@type":"PropertyValueSpecification","valueRequired":true,"valueName":"search_term_string"}}],"inLanguage":"fr-BE"},{"@type":"Organization","@id":"https:\/\/mobilane.com\/#organization","name":"Mobilane","url":"https:\/\/mobilane.com\/","logo":{"@type":"ImageObject","inLanguage":"fr-BE","@id":"https:\/\/mobilane.com\/#\/schema\/logo\/image\/","url":"https:\/\/mobilane.com\/app\/uploads\/2019\/10\/logo-colour2x.png","contentUrl":"https:\/\/mobilane.com\/app\/uploads\/2019\/10\/logo-colour2x.png","width":1472,"height":295,"caption":"Mobilane"},"image":{"@id":"https:\/\/mobilane.com\/#\/schema\/logo\/image\/"}}]}},"_links":{"self":[{"href":"https:\/\/mobilane.com\/be-fr\/wp-json\/wp\/v2\/pages\/2926","targetHints":{"allow":["GET"]}}],"collection":[{"href":"https:\/\/mobilane.com\/be-fr\/wp-json\/wp\/v2\/pages"}],"about":[{"href":"https:\/\/mobilane.com\/be-fr\/wp-json\/wp\/v2\/types\/page"}],"author":[{"embeddable":true,"href":"https:\/\/mobilane.com\/be-fr\/wp-json\/wp\/v2\/users\/5"}],"replies":[{"embeddable":true,"href":"https:\/\/mobilane.com\/be-fr\/wp-json\/wp\/v2\/comments?post=2926"}],"version-history":[{"count":4,"href":"https:\/\/mobilane.com\/be-fr\/wp-json\/wp\/v2\/pages\/2926\/revisions"}],"predecessor-version":[{"id":61660,"href":"https:\/\/mobilane.com\/be-fr\/wp-json\/wp\/v2\/pages\/2926\/revisions\/61660"}],"wp:featuredmedia":[{"embeddable":true,"href":"https:\/\/mobilane.com\/be-fr\/wp-json\/wp\/v2\/media\/61661"}],"wp:attachment":[{"href":"https:\/\/mobilane.com\/be-fr\/wp-json\/wp\/v2\/media?parent=2926"}],"curies":[{"name":"wp","href":"https:\/\/api.w.org\/{rel}","templated":true}]}}